{"version":"1.0","provider_name":"Nuestra                                            Am\u00e9rica En Palabras","provider_url":"https:\/\/naenpalabras.net\/wp","author_name":"naenp","author_url":"https:\/\/naenpalabras.net\/wp\/author\/admin-2\/","title":"Fidel, l\u00edder ejemplar - Nuestra Am\u00e9rica En Palabras","type":"rich","width":600,"height":338,"html":"<blockquote class=\"wp-embedded-content\" data-secret=\"YHeYId9wbr\"><a href=\"https:\/\/naenpalabras.net\/wp\/2024\/11\/27\/fidel-lider-ejemplar\/\">Fidel, l\u00edder ejemplar<\/a><\/blockquote><iframe sandbox=\"allow-scripts\" security=\"restricted\" src=\"https:\/\/naenpalabras.net\/wp\/2024\/11\/27\/fidel-lider-ejemplar\/embed\/#?secret=YHeYId9wbr\" width=\"600\" height=\"338\" title=\"&#171;Fidel, l\u00edder ejemplar&#187; &#8212; Nuestra                                            Am\u00e9rica En Palabras\" data-secret=\"YHeYId9wbr\" frameborder=\"0\" marginwidth=\"0\" marginheight=\"0\" scrolling=\"no\" class=\"wp-embedded-content\"><\/iframe><script type=\"text\/javascript\">\n\/* <![CDATA[ *\/\n\/*! This file is auto-generated *\/\n!function(d,l){\"use strict\";l.querySelector&&d.addEventListener&&\"undefined\"!=typeof URL&&(d.wp=d.wp||{},d.wp.receiveEmbedMessage||(d.wp.receiveEmbedMessage=function(e){var t=e.data;if((t||t.secret||t.message||t.value)&&!\/[^a-zA-Z0-9]\/.test(t.secret)){for(var s,r,n,a=l.querySelectorAll('iframe[data-secret=\"'+t.secret+'\"]'),o=l.querySelectorAll('blockquote[data-secret=\"'+t.secret+'\"]'),c=new RegExp(\"^https?:$\",\"i\"),i=0;i<o.length;i++)o[i].style.display=\"none\";for(i=0;i<a.length;i++)s=a[i],e.source===s.contentWindow&&(s.removeAttribute(\"style\"),\"height\"===t.message?(1e3<(r=parseInt(t.value,10))?r=1e3:~~r<200&&(r=200),s.height=r):\"link\"===t.message&&(r=new URL(s.getAttribute(\"src\")),n=new URL(t.value),c.test(n.protocol))&&n.host===r.host&&l.activeElement===s&&(d.top.location.href=t.value))}},d.addEventListener(\"message\",d.wp.receiveEmbedMessage,!1),l.addEventListener(\"DOMContentLoaded\",function(){for(var e,t,s=l.querySelectorAll(\"iframe.wp-embedded-content\"),r=0;r<s.length;r++)(t=(e=s[r]).getAttribute(\"data-secret\"))||(t=Math.random().toString(36).substring(2,12),e.src+=\"#?secret=\"+t,e.setAttribute(\"data-secret\",t)),e.contentWindow.postMessage({message:\"ready\",secret:t},\"*\")},!1)))}(window,document);\n\/\/# sourceURL=https:\/\/naenpalabras.net\/wp\/wp-includes\/js\/wp-embed.min.js\n\/* ]]> *\/\n<\/script>\n","thumbnail_url":"https:\/\/naenpalabras.net\/wp\/wp-content\/uploads\/2024\/11\/5-6.jpg","thumbnail_width":768,"thumbnail_height":490,"description":"El 25 de noviembre se conmemoran ocho a\u00f1os de la transvivenciaci\u00f3n de Fidel. No sabr\u00eda decir cu\u00e1ntas conversaciones privadas sostuve con \u00e9l desde que lo conoc\u00ed en 1980.\u00a0Tras nuestro primer encuentro, en Managua, viaj\u00e9 en numerosas ocasiones a Cuba, y creo que, a partir de 1985, en casi todas ellas [&hellip;]"}